{"id":954,"date":"2024-03-04T12:27:06","date_gmt":"2024-03-04T12:27:06","guid":{"rendered":"https:\/\/gruene-graben-neudorf.de\/?page_id=954"},"modified":"2024-03-09T13:20:12","modified_gmt":"2024-03-09T13:20:12","slug":"wahlprogramm-kommunalwahl-2024","status":"publish","type":"page","link":"https:\/\/gruene-graben-neudorf.de\/?page_id=954","title":{"rendered":"Wahlprogramm Kommunalwahl 2024"},"content":{"rendered":"\n<h6 class=\"wp-block-heading\"><strong>G\u00fcne Ziele &#8211; Kommaunalwahl 2024<\/strong><\/h6>\n\n\n\n<p>Download als <a href=\"https:\/\/gruene-graben-neudorf.de\/wp-content\/uploads\/2024\/03\/Kommunalwahlprogramm-2024.pdfoads\/2024\/03\/Kommunalwahlprogramm-2024.pdfoads\/2024\/03\/Kommunalwahlprogramm-2024.pdf\">P<\/a><a href=\"https:\/\/gruene-graben-neudorf.de\/wp-content\/uploads\/2024\/03\/Kommunalwahlprogramm-2024.pdf\" target=\"_blank\" rel=\"noreferrer noopener\">D<\/a><a href=\"https:\/\/gruene-graben-neudorf.de\/wp-content\/uploads\/2024\/03\/Kommunalwahlprogramm-2024.pdfoads\/2024\/03\/Kommunalwahlprogramm-2024.pdfoads\/2024\/03\/Kommunalwahlprogramm-2024.pdf\">F<\/a> oder als <a href=\"https:\/\/gruene-graben-neudorf.de\/wp-content\/uploads\/2024\/03\/flyer-2024.pdf\" data-type=\"link\" data-id=\"https:\/\/gruene-graben-neudorf.de\/wp-content\/uploads\/2024\/03\/flyer-2024.pdf\" target=\"_blank\" rel=\"noreferrer noopener\">Flyer<\/a><\/p>\n\n\n\n<p class=\"has-white-color has-text-color has-link-color has-medium-font-size wp-elements-46fdd02a06019a3ea0c87b858968dc40\"><em><strong><span style=\"background: #009900\">B\u00fcrgerbeteiligung und Demokratie&nbsp;<\/span><\/strong><\/em><\/p>\n\n\n\n<p><strong>Nicht nur alle f\u00fcnf Jahre, sondern fortlaufend !<\/strong><\/p>\n\n\n\n<p>Wir GR\u00dcNE stehen f\u00fcr die Beteiligung der B\u00fcrgerinnen und B\u00fcrger an den wichtigen Entscheidungen in der Gemeinde, nicht nur alle 5 Jahre bei den Kommunalwahlen. Wir werden uns f\u00fcr folgende Projekte einsetzen:<\/p>\n\n\n\n<ul class=\"wp-block-list\">\n<li><strong>J\u00e4hrliche Einwohnerversammlungen<\/strong> f\u00fcr aktuelle Informationen vom B\u00fcrgermeister und der Gemeindeverwaltung, aber auch mit M\u00f6glichkeiten, Fragen zu stellen und eigene Meinungen vorzubringen.<\/li>\n\n\n\n<li><strong>Gemeindeentwicklungsprozess,<\/strong> damit sich alle B\u00fcrgerinnen und B\u00fcrger einbringen k\u00f6nnen, bei der Planung und sp\u00e4ter auch bei der Umsetzung.<\/li>\n\n\n\n<li><strong>Beteiligung von Kindern,<\/strong> um das Engagement f\u00fcr die Gemeinde schon in der Schulzeit zu vermitteln. Wir werden uns daf\u00fcr einsetzen, dass bereits Grundsch\u00fcler die M\u00f6glichkeit bekommen, eigene Ideen einzubringen, sei es f\u00fcr einen sicheren Schulweg oder f\u00fcr die Spielplatzgestaltung.<\/li>\n\n\n\n<li><strong>Beteiligung von Jugendlichen und jungen Erwachsenen<\/strong>wollen wir durch ein j\u00e4hrliches Jugendforum verbessern. Hierzu sollen allejungen Menschen von 12 bis 22 Jahre aktiv eingeladen werden.<\/li>\n<\/ul>\n\n\n\n<p class=\"has-white-color has-text-color has-link-color has-medium-font-size wp-elements-aead64ad6a67e7316c94139cf3f47149\"><em><strong><span style=\"background: #009900\"><em><strong>Gute Bildungseinrichtungen sichern die Zukunft !&nbsp;<\/strong><\/em> <\/span><\/strong><\/em><\/p>\n\n\n\n<ul class=\"wp-block-list\">\n<li>Schulen im Ganztagsbetrieb verbessern in Graben-Neudorf die Chancengleichheit f\u00fcr Kinder. Sie erm\u00f6glichen die Vereinbarkeit von Familie und Beruf f\u00fcr viele Eltern.<\/li>\n\n\n\n<li>Wir unterst\u00fctzen weiterhin das Konzept der Pestalozzi-Gemeinschaftsschule f\u00fcr gemeinsames Lernen, Inklusion und individuelle F\u00f6rderung.<\/li>\n\n\n\n<li>Wir wollen mit dem Neubau der Erich-K\u00e4stner-Grundschule auch in Neudorf das Ganztagsangebot vervollst\u00e4ndigen.<\/li>\n<\/ul>\n\n\n\n<p class=\"has-white-color has-text-color has-link-color has-medium-font-size wp-elements-ba7daa6667dcd76d8e908911a29a7530\"><em><strong><span style=\"background: #009900\"><em><strong><em><strong>Kindertagesbetreuung&nbsp;<\/strong><\/em><\/strong><\/em> <\/span><\/strong><\/em><\/p>\n\n\n\n<ul class=\"wp-block-list\">\n<li>Kindertagesbetreuung in der Gemeinde muss vorausschauend ausgebaut werden.<\/li>\n\n\n\n<li>Wir Gr\u00fcne pl\u00e4dieren f\u00fcr die Einrichtung eines zus\u00e4tzlichen Waldkindergartens im Ortsteil Neudorf.<\/li>\n<\/ul>\n\n\n\n<p class=\"has-white-color has-text-color has-link-color has-medium-font-size wp-elements-cdc21dcbb304961371e3f6c34fe9db03\"><em><strong><span style=\"background: #009900\"><em><strong><em><strong>Den sozialen Zusammenhalt st\u00e4rken&nbsp;<\/strong><\/em><\/strong><\/em> <\/span><\/strong><\/em><\/p>\n\n\n\n<p>Vereine und andere Gruppierungen sind Garanten f\u00fcr eine Vielfalt von M\u00f6glichkeiten f\u00fcr die B\u00fcrgerInnen der Gemeinde sich einzubringen und ihre F\u00e4higkeiten f\u00fcr sich und andere zu nutzen.<\/p>\n\n\n\n<p>Wir setzen uns f\u00fcr lebendige Nachbarschaftszentren in Graben-Neudorf ein mit den Zielen<\/p>\n\n\n\n<ul class=\"wp-block-list\">\n<li>Einsamkeitspr\u00e4vention in allen Generationen,<\/li>\n\n\n\n<li>Hilfestellungen f\u00fcr \u00e4ltere Menschen in der Gemeinde,<\/li>\n\n\n\n<li>Aktivierung von b\u00fcrgerschaftlichem Engagement.<\/li>\n<\/ul>\n\n\n\n<p class=\"has-white-color has-text-color has-link-color wp-elements-f86b5c6bf9e6d4fa5307899ba710e1ee\"><em><strong><span style=\"background: #009900\"><\/span><\/strong><\/em><\/p>\n\n\n\n<p><strong>Das richtige Ehrenamt f\u00fcr alle !<\/strong><\/p>\n\n\n\n<p>Wir GR\u00dcNE wollen eine Stelle f\u00fcr <strong>Ehrenamtskoordination<\/strong> schaffen. um den Einsatz von ehrenamtlich t\u00e4tigen Menschen zu unterst\u00fctzen.<\/p>\n\n\n\n<p>Wer selbst t\u00e4tig werden will, soll dort eine Anlaufstelle finden.<\/p>\n\n\n\n<p><strong>Migrantinnen und Migranten in unsere Gemeinschaft aufnehmen:<\/strong><\/p>\n\n\n\n<p>Wir GR\u00dcNE werden uns weiterhin daf\u00fcr einsetzen, dass Gefl\u00fcchtete in Graben-Neudorf gut aufgenommen und integriert werden. Dank des Engagements der vielen Haupt- und Ehrenamtlichen gelingt die Integration der zugewanderten Menschen gut. Das Integrationsmanagement in die eigene Hand zu nehmen, hat sich bew\u00e4hrt.<\/p>\n\n\n\n<p><strong>Teilhabe am sozialen Leben f\u00fcr alle<\/strong><\/p>\n\n\n\n<p>Gemeinde Graben-Neudorf ist Teil der Sozialregion Karlsruhe. Wir GR\u00dcNE sind f\u00fcr eine verst\u00e4rkte Werbung.<\/p>\n\n\n\n<p>Treffpunkt ohne Konsumzwang, f\u00fcr alle bezahlbare Angebote, Graben-Neudorf-Pass, Karlsruher Sozialregion<\/p>\n\n\n\n<p class=\"has-white-color has-text-color has-link-color has-medium-font-size wp-elements-170531f5a44289392badd1beaabdade8\"><em><strong><em><strong><span style=\"background: #009900\"><em><strong><em><strong>Graben-Neudorf mobil machen&nbsp;<\/strong><\/em><\/strong><\/em><\/span><\/strong><\/em><\/strong><\/em><\/p>\n\n\n\n<p><strong>Stra\u00dfenplanung f\u00fcr Alle<\/strong><\/p>\n\n\n\n<p>Die Bed\u00fcrfnisse aller am Verkehr Beteiligten, egal ob zu Fu\u00df, mit Fahrrad oder motorisiert, m\u00fcssen gleicherma\u00dfen ber\u00fccksichtigt werden. Wir ben\u00f6tigen barrierefreie und sichere Fu\u00dfwege, zum Beispiel durch mehr Zebrastreifen.<\/p>\n\n\n\n<p><strong>Radwegenetze f\u00fcr Alle<\/strong><\/p>\n\n\n\n<p>Radwege m\u00fcssen inner- und au\u00dferorts durchg\u00e4ngig geplant und gebaut werden, breit genug auch f\u00fcr Lastenr\u00e4der, Fahrradanh\u00e4nger und Seniorenmobile. Auch die Nachbargemeinden m\u00fcssen schnell und sicher per Rad erreichbar sein. Wir fordern insbesondere durchg\u00e4ngig beschilderte Radwege nach Friedrichstal und Bruchsal.<\/p>\n\n\n\n<p><strong>\u00d6PNV f\u00fcr Alle<\/strong><\/p>\n\n\n\n<p>Bus und Bahn fahren zu selten und unregelm\u00e4\u00dfig, vor allem am Abend und am Wochenende. Wir fordern eine k\u00fcrzere Taktung auch au\u00dferhalb der Sto\u00dfzeiten. MyShuttle und Anruf Sammel Taxi sollen ausgebaut werden und auch tags\u00fcber zur Verf\u00fcgung stehen.<\/p>\n\n\n\n<p><strong>Elektromobilit\u00e4t nachhaltig gestalten<\/strong><\/p>\n\n\n\n<p>Die Elektromobilit\u00e4t in Graben-Neudorf l\u00e4uft bereits erfolgreich an. Um diesen Wandel weiterzutragen, ben\u00f6tigen wir mehr Lades\u00e4ulen. Der Ausbau des erfolgreichen Elektro-Carsharing erm\u00f6glicht individuelle Mobilit\u00e4t auch f\u00fcr knappe Geldbeutel.<\/p>\n\n\n\n<p class=\"has-white-color has-text-color has-link-color has-medium-font-size wp-elements-6d0f7ed5644da1c22bf1304de8eaee04\"><em><strong><em><strong><span style=\"background: #009900\"><em><strong><em><strong>Graben-Neudorf muss eine Waldgemeinde bleiben !&nbsp;<\/strong><\/em><\/strong><\/em><\/span><\/strong><\/em><\/strong><\/em>  <\/p>\n\n\n\n<p>Der Klimawandel setzt dem Graben-Neudorfer Wald schon heute heftig zu !<\/p>\n\n\n\n<p>Damit sich auch unsere Kinder noch im Wald erholen und die Natur erleben k\u00f6nnen, m\u00fcssen wir schon heute handeln.<\/p>\n\n\n\n<p>Wir GR\u00dcNE werden alle Ma\u00dfnahmen unterst\u00fctzen, die den Wald retten:<\/p>\n\n\n\n<ul class=\"wp-block-list\">\n<li>Neuanpflanzungen, wo immer es n\u00f6tig ist.<\/li>\n\n\n\n<li>Zeitweise Bew\u00e4sserung von jungen B\u00e4umen, damit diese anwachsen k\u00f6nnen.<\/li>\n\n\n\n<li>Ausweisung von Schonfl\u00e4chen, damit sich der Wald selber helfen kann.<\/li>\n\n\n\n<li>Mit Totholzinseln und Naturverj\u00fcngung die Artenvielfalt st\u00e4rken.<\/li>\n\n\n\n<li><\/li>\n<\/ul>\n\n\n\n<p class=\"has-white-color has-text-color has-link-color has-medium-font-size wp-elements-e480c6bff95a2934679a8c86e713c36c\"><em><strong><em><strong><span style=\"background: #009900\"><em><strong><em><strong>Artenvielfalt statt Artenschwund&nbsp;<\/strong><\/em><\/strong><\/em><\/span><\/strong><\/em><\/strong><\/em>  <\/p>\n\n\n\n<p>  Viele V\u00f6gel und Schmetterlinge sind bereits verschwunden. Dem wollen wir entgegenwirken.<\/p>\n\n\n\n<p>Auch in Graben-Neudorf kann viel f\u00fcr die Artenvielfalt getan werden:<\/p>\n\n\n\n<ul class=\"wp-block-list\">\n<li>Entsiegelung von ungenutzten Fl\u00e4chen<\/li>\n\n\n\n<li>Bepflanzung mit B\u00e4umen und Str\u00e4uchern (z. B. auf dem Mittelstreifen der Wendelinusstr.)<\/li>\n\n\n\n<li>Schutz der Gew\u00e4sserufer<\/li>\n<\/ul>\n\n\n\n<p><strong>Graben-Neudorf kann mehr !<\/strong><\/p>\n\n\n\n<p>Die Felder und Wiesen bilden einen gro\u00dfen Teil der Graben-Neudorfer Gemarkung. Ihnen kommt beim Naturschutz eine gro\u00dfe Bedeutung zu.<\/p>\n\n\n\n<ul class=\"wp-block-list\">\n<li>Vernetzung der Biotope vom Wald \u00fcber die Felder bis in die Ortsteile hinein.<\/li>\n\n\n\n<li>Kein Fl\u00e4chenfra\u00df f\u00fcr Siedlungsgebiete auf Kosten von \u00c4ckern, Wiesen und W\u00e4ldern!<\/li>\n\n\n\n<li>Stattdessen Neubauten im Innenbereich, Sanierung von alten Geb\u00e4uden und Vermeidung von Leerst\u00e4nden!<\/li>\n<\/ul>\n\n\n\n<p class=\"has-white-color has-text-color has-link-color has-medium-font-size wp-elements-91f54e6ab9a9b96c109f8e4e651ce4e8\"><em><strong><em><strong><span style=\"background: #009900\"><em><strong><em><strong>Klimaneutral bis 2035&nbsp;<\/strong><\/em><\/strong><\/em><\/span><\/strong><\/em><\/strong><\/em><\/p>\n\n\n\n<p><strong>Klimaneutrales Heizen f\u00fcr Alle<\/strong><\/p>\n\n\n\n<p>Lokale W\u00e4rmeversorgung durch individuelle L\u00f6sungen sowie kommunale Nahw\u00e4rmenetze. Bis 2028 sollen die ersten H\u00e4user angeschlossen werden k\u00f6nnen.<\/p>\n\n\n\n<p><strong>Klimaneutraler Strom f\u00fcr Alle<\/strong><\/p>\n\n\n\n<p>B\u00fcrgerenergiegenossenschaften erm\u00f6glichen die Teilhabe f\u00fcr alle an Ausbau und Nutzung regenerativer Energien. Unsere Gemeinde muss Frei\ufb02\u00e4chen f\u00fcr PV ausweisen.<\/p>\n\n\n\n<p>Wir wollen PV-Anlagen auf allen geeigneten Gemeinded\u00e4chern und auf Parkpl\u00e4tzen. Wir bef\u00fcrworten die kommunale F\u00f6rderung von privaten PV-Anlagen.<\/p>\n\n\n\n<p><strong>Klimawandelfolgenanpassung ist jetzt !<\/strong><\/p>\n\n\n\n<p>Wir fordern einen Aktionsplan Klimaanpassung f\u00fcr Graben-Neudorf mit Ma\u00dfnahmen gegen Hitzeinseln.<\/p>\n\n\n\n<p>Alle Spielpl\u00e4tze m\u00fcssen beschattet werden.<\/p>\n\n\n\n<p><strong>Schwammstadt:<\/strong> Regenwasser, auch bei Starkregen, muss aufgefangen und versickert werden.<\/p>\n\n\n\n<p class=\"has-white-color has-text-color has-link-color has-medium-font-size wp-elements-1332a7b1b9125e360e64fc35105f261f\"><em><strong><em><strong><span style=\"background: #009900\"><em><strong><em><strong>Vorreiter beim Klimaschutz bleiben !&nbsp;<\/strong><\/em><\/strong><\/em><\/span><\/strong><\/em><\/strong><\/em><\/p>\n\n\n\n<p>Die Klimakrise ist die Existenzfrage unserer Zeit. Konsequentes Handeln ist gefragt: Klimaschutz ist jetzt &#8211; auch in Graben-Neudorf.<\/p>\n\n\n\n<p>Graben-Neudorf ist auf einem guten Weg und hat mit 63{9c9211d112651be02b6bddbf8e8728c31c42925795ca9f8d2a6b28fda8e95041} bei der European Energy Award Erstzerti\ufb01zierung die beste Punktzahl der Gemeinden im Landkreis Karlsruhe erreicht. Klimaschutzmanager, Energieplan, Lades\u00e4ulen, LED-Stra\u00dfenlaternen und kommunale F\u00f6rderprogramme zeigen Wirkung. Das ist uns GR\u00dcNEN Ansporn: Graben-Neudorf ist ein Leuchtturm in der Region. Bis 2035 wollen wir klimaneutral sein.<\/p>\n\n\n\n<p><\/p>\n","protected":false},"excerpt":{"rendered":"<p>G\u00fcne Ziele &#8211; Kommaunalwahl 2024 Download als PDF oder als Flyer B\u00fcrgerbeteiligung und Demokratie&nbsp; Nicht nur alle f\u00fcnf Jahre, sondern fortlaufend ! Wir GR\u00dcNE stehen f\u00fcr die Beteiligung der B\u00fcrgerinnen [&hellip;]<\/p>\n","protected":false},"author":1,"featured_media":0,"parent":0,"menu_order":0,"comment_status":"closed","ping_status":"closed","template":"","meta":{"footnotes":""},"class_list":["post-954","page","type-page","status-publish","hentry"],"_links":{"self":[{"href":"https:\/\/gruene-graben-neudorf.de\/index.php?rest_route=\/wp\/v2\/pages\/954","targetHints":{"allow":["GET"]}}],"collection":[{"href":"https:\/\/gruene-graben-neudorf.de\/index.php?rest_route=\/wp\/v2\/pages"}],"about":[{"href":"https:\/\/gruene-graben-neudorf.de\/index.php?rest_route=\/wp\/v2\/types\/page"}],"author":[{"embeddable":true,"href":"https:\/\/gruene-graben-neudorf.de\/index.php?rest_route=\/wp\/v2\/users\/1"}],"replies":[{"embeddable":true,"href":"https:\/\/gruene-graben-neudorf.de\/index.php?rest_route=%2Fwp%2Fv2%2Fcomments&post=954"}],"version-history":[{"count":22,"href":"https:\/\/gruene-graben-neudorf.de\/index.php?rest_route=\/wp\/v2\/pages\/954\/revisions"}],"predecessor-version":[{"id":1024,"href":"https:\/\/gruene-graben-neudorf.de\/index.php?rest_route=\/wp\/v2\/pages\/954\/revisions\/1024"}],"wp:attachment":[{"href":"https:\/\/gruene-graben-neudorf.de\/index.php?rest_route=%2Fwp%2Fv2%2Fmedia&parent=954"}],"curies":[{"name":"wp","href":"https:\/\/api.w.org\/{rel}","templated":true}]}}